{"id":5807,"date":"2019-12-18T10:53:13","date_gmt":"2019-12-18T09:53:13","guid":{"rendered":"https:\/\/www.muzej-idrija-cerkno.si\/?page_id=5807"},"modified":"2024-01-16T22:20:40","modified_gmt":"2024-01-16T21:20:40","slug":"vorstellung-und-mission","status":"publish","type":"page","link":"https:\/\/www.muzej-idrija-cerkno.si\/de\/ueber-das-museum\/vorstellung-und-mission\/","title":{"rendered":"Vorstellung und Mission"},"content":{"rendered":"<div id='av_section_1'  class='avia-section av-1k134-da2593e486aea1667e9b1b611c85add4 main_color avia-section-default avia-no-border-styling  avia-builder-el-0  el_before_av_section  avia-builder-el-first  avia-bg-style-scroll container_wrap fullsize'  ><div class='container av-section-cont-open' ><main  role=\"main\" itemprop=\"mainContentOfPage\"  class='template-page content  av-content-full alpha units'><div class='post-entry post-entry-type-page post-entry-5807'><div class='entry-content-wrapper clearfix'>\n<section  class='av_textblock_section av-jkrzulub-c4f71f07b50bae3e37d52d794dd3b239 '   itemscope=\"itemscope\" itemtype=\"https:\/\/schema.org\/CreativeWork\" ><div class='avia_textblock'  itemprop=\"text\" ><h2>\u00dcber das Stadtmuseum Idrija<\/h2>\n<p>Das Stadtmuseum Idrija ist ein allgemeines Museum, im weiteren Raum vor allem f\u00fcr die Sorge f\u00fcr das technische Erbe des Quecksilberbergwerkes in Idrija, des zweitgr\u00f6\u00dften Quecksilberbergwerkes der Welt, des Erbes der Kl\u00f6ppelei der Idrija-Spitze und des ber\u00fchmten Krankenhauses aus dem zweiten Weltkrieg, des Partisanenlazaretts Franja bekannt. F\u00fcr unsere 70-j\u00e4hrige professionelle und engagierte Arbeit im Bereich des Kulturerbes wurden wir reichlich belohnt. Im Jahr 1997 erhielt das Museum den Luigi-Michelleti-Preis und wurde zum besten europ\u00e4ischen Museum des technischen und industriellen Erbes erkl\u00e4rt.<\/p>\n<p>Die technischen Denkm\u00e4ler, welche unter anderem das Museum verwaltet, wurden gemeinsam mit dem restlichen Bergbauerbe aus Idrija im Jahr 2012 von der UNESCO in die Liste des Weltkulturerbes aufgenommen, im Jahr 2015 erhielt aber der Partisanenlazarett Franja als die erste St\u00e4tte in Slowenien das Europ\u00e4ische Kulturerbe-Siegel. Das Museum f\u00fchrt seine T\u00e4tigkeit in seiner Haupteinheit in Idrija und der dezentralen Einheit in Cerkno aus. Das Museum beherbergt au\u00dfergew\u00f6hnliche Denkm\u00e4ler des unbeweglichen Kulturerbes, welche ihm die Gemeinde zur Verwaltung anvertraute beziehungsweise hat das Museum diese unter seine Obhut genommen.<\/p>\n<\/div><\/section>\n<\/div><\/div><\/main><!-- close content main element --><\/div><\/div><div id='av_section_2'  class='avia-section av-3yh0-f0552b43bf38a54ddc75004b1dfe937d main_color avia-section-default avia-no-border-styling  avia-builder-el-2  el_after_av_section  el_before_av_section  avia-bg-style-scroll container_wrap fullsize'  ><div class='container av-section-cont-open' ><div class='template-page content  av-content-full alpha units'><div class='post-entry post-entry-type-page post-entry-5807'><div class='entry-content-wrapper clearfix'>\n<section  class='av_textblock_section av-jkrzulub-9901abcc0dad8466246c96897fe86fc1 '   itemscope=\"itemscope\" itemtype=\"https:\/\/schema.org\/CreativeWork\" ><div class='avia_textblock'  itemprop=\"text\" ><h2>Unsere Mission<\/h2>\n<p>Die Kernaufgabe des Stadtmuseums Idrija ist Sorge f\u00fcr das bewegliche und immaterielle Erbe aus den Bereichen Geschichte, Ethnologie, Kunstgeschichte und technisches Erbe in der Region von Idrija und Cerkno. Das bedeutet, das wir vor Ort Gegenst\u00e4nde sammeln, welche wir dann dokumentieren, aufbewahren, sch\u00fctzen, erforschen und ausstellen und somit unsere Institution und Erbe im Allgemeinen popularisieren.<\/p>\n<p>Das Museum hebt besonders seine Rolle im Ausbildungsprozess hervor, vor allem in der Heimatkunde, und ist mit seinen st\u00e4ndigen und gelegentlichen Ausstellungen ein Bindeglied zwischen der Geschichte aus Lehrb\u00fcchern und den echten Resten der Vergangenheit. Die Ausstellungen werden mit dem Ausgeben von fachlichen Publikationen und Katalogen, verschiedenen p\u00e4dagogischen Programmen, Lehrstunden und Workshops f\u00fcr Kinder und Jugend, Vortr\u00e4gen und Pr\u00e4sentationen f\u00fcr Erwachsene erg\u00e4nzt. Mit der Digitalisierung der aufbewahrten Unterlagen schlie\u00dfen wir uns denjenigen Museen und anderen Institutionen an, welche mithilfe von modernen Informationstechnologien die Zug\u00e4nglichkeit des Kulturerbes breiterer \u00d6ffentlichkeit erm\u00f6glichen.<\/p>\n<\/div><\/section>\n<\/p>\n<\/div><\/div><\/div><!-- close content main div --><\/div><\/div><div id='av_section_3'  class='avia-section av-3yh0-41753da54e931049f8bef4c26554dc05 main_color avia-section-default avia-no-border-styling  avia-builder-el-4  el_after_av_section  el_before_av_section  bgedtext avia-bg-style-scroll container_wrap fullsize'  ><div class='container av-section-cont-open' ><div class='template-page content  av-content-full alpha units'><div class='post-entry post-entry-type-page post-entry-5807'><div class='entry-content-wrapper clearfix'>\n<section  class='av_textblock_section av-jkrzulub-9901abcc0dad8466246c96897fe86fc1 '   itemscope=\"itemscope\" itemtype=\"https:\/\/schema.org\/CreativeWork\" ><div class='avia_textblock'  itemprop=\"text\" ><h2>Was ist ein Museum?<\/h2>\n<p>Das Museum ist ein Raum f\u00fcrs Treffen, Verbinden, Ausbildung und Dialog mehrerer Kulturen. Ein Raum, wo wir Fragen stellen k\u00f6nnen und Antworten erhalten, wo erlaubt ist zu denken und sich zu hinterfragen. Im Museum bauen wir das Bewusstsein \u00fcber die Zugeh\u00f6rigkeit der Umwelt, in welcher wir leben, und \u00fcber die Sch\u00e4tzung der Werte, welche das Leben unserer Vorg\u00e4nger geformt haben und als universale Werte der Menschlichkeit auch Teil der modernen Welt bleiben sollten.<\/p>\n<\/div><\/section>\n\n<\/div><\/div><\/div><!-- close content main div --><\/div><\/div><div id='av_section_4'  class='avia-section av-yhp8-26195f965d903777c3d56bda68e66be6 main_color avia-section-default avia-no-border-styling  avia-builder-el-6  el_after_av_section  avia-builder-el-last  avia-bg-style-scroll container_wrap fullsize'  ><div class='container av-section-cont-open' ><div class='template-page content  av-content-full alpha units'><div class='post-entry post-entry-type-page post-entry-5807'><div class='entry-content-wrapper clearfix'>\n<section  class='av_textblock_section av-jks0xcg3-a30feae2b61d325c6433fab138560523 '   itemscope=\"itemscope\" itemtype=\"https:\/\/schema.org\/CreativeWork\" ><div class='avia_textblock'  itemprop=\"text\" ><h3>Impressum<\/h3>\n<div class=\"vizitka_wrap\"><div class=\"program_row\"><div class=\"notificationblock_title\">Bezeichnung:<\/div><div class=\"notificationblock_content\">Stadtmuseum Idrija, das Museum f\u00fcr die Region von Idrija und Cerkno<\/div><\/div><div class=\"program_row\"><div class=\"notificationblock_title\">Sitz:<\/div><div class=\"notificationblock_content\">Prelov\u010deva 9, 5280 Idrija<\/div><\/div><div class=\"program_row\"><div class=\"notificationblock_title\">Telefon:<\/div><div class=\"notificationblock_content\">+386 (0)5 37 266 00<\/div><\/div><div class=\"program_row\"><div class=\"notificationblock_title\">Fax:<\/div><div class=\"notificationblock_content\">+ 386 (0)5 37 735 80<\/div><\/div><div class=\"program_row\"><div class=\"notificationblock_title\">E-Mail:<\/div><div class=\"notificationblock_content\"><a class=\"\" href=\"mailto:tajnistvo@muzej-idrija-cerkno.si\" >tajnistvo@muzej-idrija-cerkno.si<\/a><\/div><\/div><div class=\"program_row\"><div class=\"notificationblock_title\">Internetseite:<\/div><div class=\"notificationblock_content\"><a class=\"\" href=\"https:\/\/www.muzej-idrija-cerkno.si\" >www.muzej-idrija-cerkno.si<\/a><\/div><\/div><div class=\"program_row\"><div class=\"notificationblock_title\">Handelsregisternummer:<\/div><div class=\"notificationblock_content\">5055741<\/div><\/div><div class=\"program_row\"><div class=\"notificationblock_title\">Steuernummer:<\/div><div class=\"notificationblock_content\">72695439<\/div><\/div><div class=\"program_row\"><div class=\"notificationblock_title\">Bankkonto:<\/div><div class=\"notificationblock_content\">Konto bei der Verwaltung der RS f\u00fcr Zahlungen im \u00f6ffentlichen Dienst, Nr.: SI56 0123 6603 0375 893<\/div><\/div><\/div>\n<\/div><\/section>\n\n","protected":false},"excerpt":{"rendered":"","protected":false},"author":1,"featured_media":0,"parent":5746,"menu_order":0,"comment_status":"closed","ping_status":"closed","template":"template-o-muzeju_predstavitev-poslanstvo.php","meta":{"_acf_changed":false,"footnotes":""},"class_list":["post-5807","page","type-page","status-publish","hentry"],"acf":[],"yoast_head":"<!-- This site is optimized with the Yoast SEO plugin v27.2 - https:\/\/yoast.com\/product\/yoast-seo-wordpress\/ -->\n<title>Vorstellung und Mission - Mestni muzej Idrija<\/title>\n<meta name=\"description\" content=\"Bereits 65 Jahre lang sorgen wir in der Region von Idrija und Cerkno f\u00fcr bewegliches und immaterielles Erbe in den Bereichen Geschichte, Ethnologie, Kunstgeschichte und technisches Erbe.\" \/>\n<meta name=\"robots\" content=\"index, follow, max-snippet:-1, max-image-preview:large, max-video-preview:-1\" \/>\n<link rel=\"canonical\" href=\"https:\/\/www.muzej-idrija-cerkno.si\/de\/ueber-das-museum\/vorstellung-und-mission\/\" \/>\n<meta property=\"og:locale\" content=\"de_DE\" \/>\n<meta property=\"og:type\" content=\"article\" \/>\n<meta property=\"og:title\" content=\"Vorstellung und Mission - Mestni muzej Idrija\" \/>\n<meta property=\"og:description\" content=\"Bereits 65 Jahre lang sorgen wir in der Region von Idrija und Cerkno f\u00fcr bewegliches und immaterielles Erbe in den Bereichen Geschichte, Ethnologie, Kunstgeschichte und technisches Erbe.\" \/>\n<meta property=\"og:url\" content=\"https:\/\/www.muzej-idrija-cerkno.si\/de\/ueber-das-museum\/vorstellung-und-mission\/\" \/>\n<meta property=\"og:site_name\" content=\"Mestni muzej Idrija\" \/>\n<meta property=\"article:modified_time\" content=\"2024-01-16T21:20:40+00:00\" \/>\n<meta name=\"twitter:card\" content=\"summary_large_image\" \/>\n<meta name=\"twitter:label1\" content=\"Gesch\u00e4tzte Lesezeit\" \/>\n\t<meta name=\"twitter:data1\" content=\"4\u00a0Minuten\" \/>\n<script type=\"application\/ld+json\" class=\"yoast-schema-graph\">{\"@context\":\"https:\/\/schema.org\",\"@graph\":[{\"@type\":\"WebPage\",\"@id\":\"https:\/\/www.muzej-idrija-cerkno.si\/de\/ueber-das-museum\/vorstellung-und-mission\/\",\"url\":\"https:\/\/www.muzej-idrija-cerkno.si\/de\/ueber-das-museum\/vorstellung-und-mission\/\",\"name\":\"Vorstellung und Mission - Mestni muzej Idrija\",\"isPartOf\":{\"@id\":\"https:\/\/www.muzej-idrija-cerkno.si\/#website\"},\"datePublished\":\"2019-12-18T09:53:13+00:00\",\"dateModified\":\"2024-01-16T21:20:40+00:00\",\"description\":\"Bereits 65 Jahre lang sorgen wir in der Region von Idrija und Cerkno f\u00fcr bewegliches und immaterielles Erbe in den Bereichen Geschichte, Ethnologie, Kunstgeschichte und technisches Erbe.\",\"breadcrumb\":{\"@id\":\"https:\/\/www.muzej-idrija-cerkno.si\/de\/ueber-das-museum\/vorstellung-und-mission\/#breadcrumb\"},\"inLanguage\":\"de\",\"potentialAction\":[{\"@type\":\"ReadAction\",\"target\":[\"https:\/\/www.muzej-idrija-cerkno.si\/de\/ueber-das-museum\/vorstellung-und-mission\/\"]}]},{\"@type\":\"BreadcrumbList\",\"@id\":\"https:\/\/www.muzej-idrija-cerkno.si\/de\/ueber-das-museum\/vorstellung-und-mission\/#breadcrumb\",\"itemListElement\":[{\"@type\":\"ListItem\",\"position\":1,\"name\":\"Home\",\"item\":\"https:\/\/www.muzej-idrija-cerkno.si\/de\/\"},{\"@type\":\"ListItem\",\"position\":2,\"name\":\"\u00dcber das Museum\",\"item\":\"https:\/\/www.muzej-idrija-cerkno.si\/de\/ueber-das-museum\/\"},{\"@type\":\"ListItem\",\"position\":3,\"name\":\"Vorstellung und Mission\"}]},{\"@type\":\"WebSite\",\"@id\":\"https:\/\/www.muzej-idrija-cerkno.si\/#website\",\"url\":\"https:\/\/www.muzej-idrija-cerkno.si\/\",\"name\":\"Mestni muzej Idrija\",\"description\":\"\u0160e eno spleti\u0161\u010de WordPress\",\"potentialAction\":[{\"@type\":\"SearchAction\",\"target\":{\"@type\":\"EntryPoint\",\"urlTemplate\":\"https:\/\/www.muzej-idrija-cerkno.si\/?s={search_term_string}\"},\"query-input\":{\"@type\":\"PropertyValueSpecification\",\"valueRequired\":true,\"valueName\":\"search_term_string\"}}],\"inLanguage\":\"de\"}]}<\/script>\n<!-- \/ Yoast SEO plugin. -->","yoast_head_json":{"title":"Vorstellung und Mission - Mestni muzej Idrija","description":"Bereits 65 Jahre lang sorgen wir in der Region von Idrija und Cerkno f\u00fcr bewegliches und immaterielles Erbe in den Bereichen Geschichte, Ethnologie, Kunstgeschichte und technisches Erbe.","robots":{"index":"index","follow":"follow","max-snippet":"max-snippet:-1","max-image-preview":"max-image-preview:large","max-video-preview":"max-video-preview:-1"},"canonical":"https:\/\/www.muzej-idrija-cerkno.si\/de\/ueber-das-museum\/vorstellung-und-mission\/","og_locale":"de_DE","og_type":"article","og_title":"Vorstellung und Mission - Mestni muzej Idrija","og_description":"Bereits 65 Jahre lang sorgen wir in der Region von Idrija und Cerkno f\u00fcr bewegliches und immaterielles Erbe in den Bereichen Geschichte, Ethnologie, Kunstgeschichte und technisches Erbe.","og_url":"https:\/\/www.muzej-idrija-cerkno.si\/de\/ueber-das-museum\/vorstellung-und-mission\/","og_site_name":"Mestni muzej Idrija","article_modified_time":"2024-01-16T21:20:40+00:00","twitter_card":"summary_large_image","twitter_misc":{"Gesch\u00e4tzte Lesezeit":"4\u00a0Minuten"},"schema":{"@context":"https:\/\/schema.org","@graph":[{"@type":"WebPage","@id":"https:\/\/www.muzej-idrija-cerkno.si\/de\/ueber-das-museum\/vorstellung-und-mission\/","url":"https:\/\/www.muzej-idrija-cerkno.si\/de\/ueber-das-museum\/vorstellung-und-mission\/","name":"Vorstellung und Mission - Mestni muzej Idrija","isPartOf":{"@id":"https:\/\/www.muzej-idrija-cerkno.si\/#website"},"datePublished":"2019-12-18T09:53:13+00:00","dateModified":"2024-01-16T21:20:40+00:00","description":"Bereits 65 Jahre lang sorgen wir in der Region von Idrija und Cerkno f\u00fcr bewegliches und immaterielles Erbe in den Bereichen Geschichte, Ethnologie, Kunstgeschichte und technisches Erbe.","breadcrumb":{"@id":"https:\/\/www.muzej-idrija-cerkno.si\/de\/ueber-das-museum\/vorstellung-und-mission\/#breadcrumb"},"inLanguage":"de","potentialAction":[{"@type":"ReadAction","target":["https:\/\/www.muzej-idrija-cerkno.si\/de\/ueber-das-museum\/vorstellung-und-mission\/"]}]},{"@type":"BreadcrumbList","@id":"https:\/\/www.muzej-idrija-cerkno.si\/de\/ueber-das-museum\/vorstellung-und-mission\/#breadcrumb","itemListElement":[{"@type":"ListItem","position":1,"name":"Home","item":"https:\/\/www.muzej-idrija-cerkno.si\/de\/"},{"@type":"ListItem","position":2,"name":"\u00dcber das Museum","item":"https:\/\/www.muzej-idrija-cerkno.si\/de\/ueber-das-museum\/"},{"@type":"ListItem","position":3,"name":"Vorstellung und Mission"}]},{"@type":"WebSite","@id":"https:\/\/www.muzej-idrija-cerkno.si\/#website","url":"https:\/\/www.muzej-idrija-cerkno.si\/","name":"Mestni muzej Idrija","description":"\u0160e eno spleti\u0161\u010de WordPress","potentialAction":[{"@type":"SearchAction","target":{"@type":"EntryPoint","urlTemplate":"https:\/\/www.muzej-idrija-cerkno.si\/?s={search_term_string}"},"query-input":{"@type":"PropertyValueSpecification","valueRequired":true,"valueName":"search_term_string"}}],"inLanguage":"de"}]}},"_links":{"self":[{"href":"https:\/\/www.muzej-idrija-cerkno.si\/de\/wp-json\/wp\/v2\/pages\/5807","targetHints":{"allow":["GET"]}}],"collection":[{"href":"https:\/\/www.muzej-idrija-cerkno.si\/de\/wp-json\/wp\/v2\/pages"}],"about":[{"href":"https:\/\/www.muzej-idrija-cerkno.si\/de\/wp-json\/wp\/v2\/types\/page"}],"author":[{"embeddable":true,"href":"https:\/\/www.muzej-idrija-cerkno.si\/de\/wp-json\/wp\/v2\/users\/1"}],"replies":[{"embeddable":true,"href":"https:\/\/www.muzej-idrija-cerkno.si\/de\/wp-json\/wp\/v2\/comments?post=5807"}],"version-history":[{"count":3,"href":"https:\/\/www.muzej-idrija-cerkno.si\/de\/wp-json\/wp\/v2\/pages\/5807\/revisions"}],"predecessor-version":[{"id":21156,"href":"https:\/\/www.muzej-idrija-cerkno.si\/de\/wp-json\/wp\/v2\/pages\/5807\/revisions\/21156"}],"up":[{"embeddable":true,"href":"https:\/\/www.muzej-idrija-cerkno.si\/de\/wp-json\/wp\/v2\/pages\/5746"}],"wp:attachment":[{"href":"https:\/\/www.muzej-idrija-cerkno.si\/de\/wp-json\/wp\/v2\/media?parent=5807"}],"curies":[{"name":"wp","href":"https:\/\/api.w.org\/{rel}","templated":true}]}}